{"id":2864,"date":"2023-08-02T23:57:40","date_gmt":"2023-08-02T23:57:40","guid":{"rendered":"https:\/\/floridareprofreedom.org\/?page_id=2864"},"modified":"2025-04-24T01:11:34","modified_gmt":"2025-04-24T01:11:34","slug":"sesion-legislativa","status":"publish","type":"page","link":"https:\/\/floridareprofreedom.org\/es\/legislativesession\/","title":{"rendered":"Sesi\u00f3n legislativa de Florida de 2025"},"content":{"rendered":"<div data-elementor-type=\"wp-page\" data-elementor-id=\"2864\" class=\"elementor elementor-2864\" data-elementor-post-type=\"page\">\n\t\t\t\t\t\t<section class=\"elementor-section elementor-top-section elementor-element elementor-element-b082732 elementor-section-boxed elementor-section-height-default elementor-section-height-default\" data-id=\"b082732\" data-element_type=\"section\" data-e-type=\"section\">\n\t\t\t\t\t\t<div class=\"elementor-container elementor-column-gap-default\">\n\t\t\t\t\t<div class=\"elementor-column elementor-col-100 elementor-top-column elementor-element elementor-element-0e8396d\" data-id=\"0e8396d\" data-element_type=\"column\" data-e-type=\"column\">\n\t\t\t<div class=\"elementor-widget-wrap elementor-element-populated\">\n\t\t\t\t\t\t<div class=\"elementor-element elementor-element-ec50f3c elementor-widget elementor-widget-text-editor\" data-id=\"ec50f3c\" data-element_type=\"widget\" data-e-type=\"widget\" data-widget_type=\"text-editor.default\">\n\t\t\t\t<div class=\"elementor-widget-container\">\n\t\t\t\t\t\t\t\t\t<p><span style=\"font-weight: 400;\">En esta sesi\u00f3n legislativa estamos enviando un mensaje claro: <\/span><b>los pol\u00edticos son <\/b><b><i>nunca<\/i><\/b><b> m\u00e1s calificados que nosotros para tomar decisiones de atenci\u00f3n m\u00e9dica por nosotros.&nbsp;<\/b><\/p>\n<p><b>Las decisiones sobre el aborto deben quedar en manos de los pacientes<\/b><span style=\"font-weight: 400;\"> Y a quienes deciden involucrar, no a los pol\u00edticos. Pero los pol\u00edticos de Florida han prohibido el aborto incluso antes de que muchas personas sepan que est\u00e1n embarazadas, y eso no es todo: siguen proponiendo leyes que podr\u00edan prohibir todos los abortos y poner en riesgo el acceso a la anticoncepci\u00f3n y a los tratamientos de fertilidad comunes.<\/span><\/p>\t\t\t\t\t\t\t\t<\/div>\n\t\t\t\t<\/div>\n\t\t\t\t\t<\/div>\n\t\t<\/div>\n\t\t\t\t\t<\/div>\n\t\t<\/section>\n\t\t\t\t<section class=\"elementor-section elementor-top-section elementor-element elementor-element-cd14520 elementor-section-boxed elementor-section-height-default elementor-section-height-default\" data-id=\"cd14520\" data-element_type=\"section\" data-e-type=\"section\">\n\t\t\t\t\t\t<div class=\"elementor-container elementor-column-gap-default\">\n\t\t\t\t\t<div class=\"elementor-column elementor-col-100 elementor-top-column elementor-element elementor-element-894bc71\" data-id=\"894bc71\" data-element_type=\"column\" data-e-type=\"column\">\n\t\t\t<div class=\"elementor-widget-wrap elementor-element-populated\">\n\t\t\t\t\t\t<div class=\"elementor-element elementor-element-75e054c elementor-widget elementor-widget-image\" data-id=\"75e054c\" data-element_type=\"widget\" data-e-type=\"widget\" data-widget_type=\"image.default\">\n\t\t\t\t<div class=\"elementor-widget-container\">\n\t\t\t\t\t\t\t\t\t\t\t\t\t\t\t\t<a href=\"https:\/\/progressflorida.actionkit.com\/signup\/frf-grassroots-signup\/\">\n\t\t\t\t\t\t\t<img fetchpriority=\"high\" decoding=\"async\" width=\"800\" height=\"450\" src=\"https:\/\/floridareprofreedom.org\/wp-content\/uploads\/2025\/04\/Beige-and-Blue-Minimalist-Business-Meeting-Presentation-1024x576.jpg\" class=\"attachment-large size-large wp-image-3888\" alt=\"\" srcset=\"https:\/\/floridareprofreedom.org\/wp-content\/uploads\/2025\/04\/Beige-and-Blue-Minimalist-Business-Meeting-Presentation-1024x576.jpg 1024w, https:\/\/floridareprofreedom.org\/wp-content\/uploads\/2025\/04\/Beige-and-Blue-Minimalist-Business-Meeting-Presentation-300x169.jpg 300w, https:\/\/floridareprofreedom.org\/wp-content\/uploads\/2025\/04\/Beige-and-Blue-Minimalist-Business-Meeting-Presentation-768x432.jpg 768w, https:\/\/floridareprofreedom.org\/wp-content\/uploads\/2025\/04\/Beige-and-Blue-Minimalist-Business-Meeting-Presentation-1536x864.jpg 1536w, https:\/\/floridareprofreedom.org\/wp-content\/uploads\/2025\/04\/Beige-and-Blue-Minimalist-Business-Meeting-Presentation.jpg 1920w\" sizes=\"(max-width: 800px) 100vw, 800px\" \/>\t\t\t\t\t\t\t\t<\/a>\n\t\t\t\t\t\t\t\t\t\t\t\t\t\t\t<\/div>\n\t\t\t\t<\/div>\n\t\t\t\t\t<\/div>\n\t\t<\/div>\n\t\t\t\t\t<\/div>\n\t\t<\/section>\n\t\t\t\t<section class=\"elementor-section elementor-top-section elementor-element elementor-element-1249c24f elementor-section-boxed elementor-section-height-default elementor-section-height-default\" data-id=\"1249c24f\" data-element_type=\"section\" data-e-type=\"section\">\n\t\t\t\t\t\t<div class=\"elementor-container elementor-column-gap-default\">\n\t\t\t\t\t<div class=\"elementor-column elementor-col-100 elementor-top-column elementor-element elementor-element-348f505b\" data-id=\"348f505b\" data-element_type=\"column\" data-e-type=\"column\">\n\t\t\t<div class=\"elementor-widget-wrap elementor-element-populated\">\n\t\t\t\t\t\t<div class=\"elementor-element elementor-element-4c34a27b elementor-widget elementor-widget-text-editor\" data-id=\"4c34a27b\" data-element_type=\"widget\" data-e-type=\"widget\" data-widget_type=\"text-editor.default\">\n\t\t\t\t<div class=\"elementor-widget-container\">\n\t\t\t\t\t\t\t\t\t<p><span style=\"text-decoration: underline;\"><b>Ay\u00fadanos a mantener la l\u00ednea<\/b> <b><i>oponi\u00e9ndose<\/i><\/b><b> Estos proyectos de ley anti-libertad:\u00a0<\/b><\/span><b><\/b><\/p><ul><li aria-level=\"1\"><a href=\"https:\/\/flsenate.gov\/Session\/Bill\/2025\/1288\"><b>Ley SB 1288<\/b><\/a><b>:El proyecto de ley que impide a los j\u00f3venes acceder a la atenci\u00f3n sanitaria<\/b><\/li><\/ul><ul><li style=\"list-style-type: none;\"><ul><li style=\"list-style-type: none;\"><ul><li style=\"font-weight: 400;\" aria-level=\"2\"><span style=\"font-weight: 400;\">Intentos de restringir la libertad de los j\u00f3venes para acceder a m\u00e9todos anticonceptivos, tratamientos de ETS, planificaci\u00f3n familiar y encuestas de evaluaci\u00f3n de riesgos para temas como el abuso y los problemas de salud mental.<\/span><\/li><li style=\"font-weight: 400;\" aria-level=\"2\"><a href=\"https:\/\/www.plannedparenthoodaction.org\/uploads\/filer_public\/19\/85\/19851fca-18d4-48f4-8bcb-cd65b2f1e4ae\/sb_1288_hb_1505_stopping_young_people_from_accessing_health_care.pdf\"><span style=\"font-weight: 400;\">Obtenga m\u00e1s informaci\u00f3n aqu\u00ed.<\/span><\/a><span style=\"font-weight: 400;\">\u00a0<\/span><\/li><li style=\"font-weight: 400;\" aria-level=\"2\"><a href=\"https:\/\/bit.ly\/protectteens\"><span style=\"font-weight: 400;\">Tomar medidas.<\/span><\/a><\/li><\/ul><\/li><\/ul><\/li><\/ul><ul><li aria-level=\"1\"><a href=\"https:\/\/flsenate.gov\/Session\/Bill\/2025\/1284\"><b>Ley SB 1284<\/b><\/a><b>:El proyecto de ley para criminalizar a\u00fan m\u00e1s la atenci\u00f3n sanitaria<\/b><\/li><\/ul><ul><li style=\"list-style-type: none;\"><ul><li style=\"list-style-type: none;\"><ul><li style=\"font-weight: 400;\" aria-level=\"2\"><span style=\"font-weight: 400;\">Hemos visto el da\u00f1o de leyes como esta en otros estados, donde se han utilizado para intentar prohibir el aborto por completo, cerrar tratamientos de fertilidad como la FIV, acosar a sobrevivientes de abuso y sus sistemas de apoyo, y poner a los pacientes en riesgo de perder atenci\u00f3n de emergencia o tratamientos contra el c\u00e1ncer solo porque est\u00e1n embarazadas.<\/span><\/li><li aria-level=\"2\">Solicite m\u00e1s consejos de mensajer\u00eda enviando un correo electr\u00f3nico a: Cheyenne@progressflorida.org<\/li><li style=\"font-weight: 400;\" aria-level=\"2\"><a href=\"https:\/\/act.progressflorida.org\/letter\/stop-criminalizing-healthcare\/\"><span style=\"font-weight: 400;\">Tomar medidas.<\/span><\/a><\/li><\/ul><\/li><\/ul><\/li><\/ul><ul><li aria-level=\"1\"><a href=\"https:\/\/www.flhouse.gov\/Sections\/Bills\/billsdetail.aspx?BillId=81954\"><b>Ley HB 1255<\/b><\/a><b>:El proyecto de ley para impulsar el adoctrinamiento en las escuelas p\u00fablicas<\/b><\/li><\/ul><ul><li style=\"list-style-type: none;\"><ul><li style=\"list-style-type: none;\"><ul><li style=\"font-weight: 400;\" aria-level=\"2\"><span style=\"font-weight: 400;\">Este proyecto de ley exige que los estudiantes vean un video enga\u00f1oso y m\u00e9dicamente inexacto sobre el desarrollo fetal, similar al proyecto de ley &quot;Baby Olivia&quot;, impulsado en todo el pa\u00eds por el grupo extremista antiaborto Live Action. Tambi\u00e9n proh\u00edbe que se utilicen fondos estatales para promover el &quot;activismo social&quot; en las escuelas.<\/span><\/li><li style=\"font-weight: 400;\" aria-level=\"2\"><a href=\"https:\/\/www.plannedparenthoodaction.org\/uploads\/filer_public\/7e\/91\/7e91da2c-77d0-43ab-9e6e-374f7b8faf77\/hb_1255_indoctrination_in_public_schools.png\"><span style=\"font-weight: 400;\">Obtenga m\u00e1s informaci\u00f3n aqu\u00ed.<\/span><\/a><span style=\"font-weight: 400;\">\u00a0<\/span><\/li><li style=\"font-weight: 400;\" aria-level=\"2\"><a href=\"https:\/\/www.weareplannedparenthoodaction.org\/a\/session-repro\"><span style=\"font-weight: 400;\">Tomar medidas.<\/span><\/a><\/li><\/ul><\/li><\/ul><\/li><\/ul><ul><li aria-level=\"1\"><a href=\"https:\/\/www.flhouse.gov\/Sections\/Bills\/billsdetail.aspx?BillId=81899&amp;SessionId=105\"><b>HB 1205<\/b><\/a><b>:Ataques a las enmiendas impulsadas por los ciudadanos\u00a0<\/b><\/li><\/ul><ul><li style=\"list-style-type: none;\"><ul><li style=\"list-style-type: none;\"><ul><li style=\"font-weight: 400;\" aria-level=\"2\"><span style=\"font-weight: 400;\">Las enmiendas ciudadanas de Florida son parte esencial de la democracia directa que empodera a los votantes para aprobar pol\u00edticas centradas en las personas, mejorando nuestras vidas y fortaleciendo nuestras comunidades. Deber\u00edamos hacer todo lo posible para fortalecer este proceso, no para dificultarlo; sin embargo, esta legislaci\u00f3n pretende hacer casi imposible que los ciudadanos presenten enmiendas en las urnas.<\/span><\/li><li>Solicite m\u00e1s consejos de mensajer\u00eda enviando un correo electr\u00f3nico a: Cheyenne@progressflorida.org<\/li><li style=\"font-weight: 400;\" aria-level=\"2\"><a href=\"https:\/\/act.progressflorida.org\/letter\/protect-direct-democracy\/\"><span style=\"font-weight: 400;\">Tomar medidas.<\/span><\/a><\/li><\/ul><\/li><\/ul><\/li><\/ul><ul><li aria-level=\"1\"><a href=\"https:\/\/flsenate.gov\/Session\/Bill\/2025\/420\"><b>SB 420<\/b><\/a><b>:Antidiversidad en los gobiernos locales<\/b><\/li><\/ul><ul><li style=\"list-style-type: none;\"><ul><li style=\"list-style-type: none;\"><ul><li style=\"font-weight: 400;\" aria-level=\"2\"><span style=\"font-weight: 400;\">Esta es una extralimitaci\u00f3n escandalosa por parte del estado, que impide a los gobiernos locales representar y legislar sus valores. Esto podr\u00eda prohibir las resoluciones del Mes del Orgullo o del Mes de la Historia Negra, o la creaci\u00f3n de una comisi\u00f3n local sobre temas de la mujer.<\/span><\/li><li style=\"font-weight: 400;\" aria-level=\"2\"><a href=\"https:\/\/act.eqfl.org\/a\/2025-anti-diversity-in-local-gov-2\"><span style=\"font-weight: 400;\">Tomar medidas.<\/span><\/a><\/li><\/ul><\/li><\/ul><\/li><li><a href=\"https:\/\/flsenate.gov\/Session\/Bill\/2025\/440\"><b>SB 440<\/b><\/a>: <b>El proyecto de ley que proh\u00edbe decir gay o trans en el trabajo<\/b><ul><li style=\"list-style-type: none;\"><ul><li><span style=\"font-weight: 400;\">Este proyecto propone la regulaci\u00f3n estatal de los pronombres en lugares de trabajo p\u00fablicos y privados. Proteger\u00eda a los empleados de la responsabilidad por el uso intencionado de g\u00e9nero anti-transg\u00e9nero y prohibir\u00eda a los solicitantes de empleo incluso identificarse como transg\u00e9nero o no binarios en una solicitud de empleo. El proyecto de ley tambi\u00e9n pretende prohibir los requisitos de capacitaci\u00f3n en competencias culturales relacionadas con la comunidad LGBTQ para empleados p\u00fablicos y ciertas empresas privadas.<\/span><\/li><li><a style=\"font-family: var( --e-global-typography-text-font-family ), Sans-serif; font-weight: var( --e-global-typography-text-font-weight );\" href=\"https:\/\/act.eqfl.org\/a\/2025-dont-say-gay-trans-at-work\">Tomar medidas.<\/a><\/li><\/ul><\/li><\/ul><\/li><\/ul>\t\t\t\t\t\t\t\t<\/div>\n\t\t\t\t<\/div>\n\t\t\t\t\t<\/div>\n\t\t<\/div>\n\t\t\t\t\t<\/div>\n\t\t<\/section>\n\t\t\t\t<\/div>","protected":false},"excerpt":{"rendered":"<p>This Legislative Session, we\u2019re sending a clear message: politicians are never more qualified to make health care decisions for us than we are.&nbsp; Decisions about abortion must remain in the hands of patients and those they choose to involve, not politicians. But Florida politicians have banned abortion before many people even realize they are pregnant, [&hellip;]<\/p>\n","protected":false},"author":7,"featured_media":0,"parent":0,"menu_order":0,"comment_status":"closed","ping_status":"closed","template":"","meta":{"footnotes":""},"folder":[],"class_list":["post-2864","page","type-page","status-publish","hentry"],"yoast_head":"<!-- This site is optimized with the Yoast SEO plugin v27.5 - https:\/\/yoast.com\/product\/yoast-seo-wordpress\/ -->\n<title>Florida&#039;s 2025 Legislative Session - Floridians For Reproductive Freedom<\/title>\n<meta name=\"description\" content=\"This Legislative Session, we\u2019re sending a clear message: politicians are never more qualified to make health care decisions for us than we are. Learn about the bills impacting reproductive health and freedom.\" \/>\n<meta name=\"robots\" content=\"index, follow, max-snippet:-1, max-image-preview:large, max-video-preview:-1\" \/>\n<link rel=\"canonical\" href=\"https:\/\/floridareprofreedom.org\/es\/sesion-legislativa\/\" \/>\n<meta property=\"og:locale\" content=\"es_ES\" \/>\n<meta property=\"og:type\" content=\"article\" \/>\n<meta property=\"og:title\" content=\"Florida&#039;s 2025 Legislative Session - Floridians For Reproductive Freedom\" \/>\n<meta property=\"og:description\" content=\"This Legislative Session, we\u2019re sending a clear message: politicians are never more qualified to make health care decisions for us than we are. Learn about the bills impacting reproductive health and freedom.\" \/>\n<meta property=\"og:url\" content=\"https:\/\/floridareprofreedom.org\/es\/sesion-legislativa\/\" \/>\n<meta property=\"og:site_name\" content=\"Floridians For Reproductive Freedom\" \/>\n<meta property=\"article:publisher\" content=\"https:\/\/www.facebook.com\/FloridaReproFreedom\/\" \/>\n<meta property=\"article:modified_time\" content=\"2025-04-24T01:11:34+00:00\" \/>\n<meta property=\"og:image\" content=\"https:\/\/floridareprofreedom.org\/wp-content\/uploads\/2025\/04\/Beige-and-Blue-Minimalist-Business-Meeting-Presentation.jpg\" \/>\n\t<meta property=\"og:image:width\" content=\"1920\" \/>\n\t<meta property=\"og:image:height\" content=\"1080\" \/>\n\t<meta property=\"og:image:type\" content=\"image\/jpeg\" \/>\n<meta name=\"twitter:card\" content=\"summary_large_image\" \/>\n<meta name=\"twitter:site\" content=\"@FLReproFreedom\" \/>\n<meta name=\"twitter:label1\" content=\"Est. reading time\" \/>\n\t<meta name=\"twitter:data1\" content=\"3 minutos\" \/>\n<script type=\"application\/ld+json\" class=\"yoast-schema-graph\">{\"@context\":\"https:\\\/\\\/schema.org\",\"@graph\":[{\"@type\":\"WebPage\",\"@id\":\"https:\\\/\\\/floridareprofreedom.org\\\/legislativesession\\\/\",\"url\":\"https:\\\/\\\/floridareprofreedom.org\\\/legislativesession\\\/\",\"name\":\"Florida's 2025 Legislative Session - Floridians For Reproductive Freedom\",\"isPartOf\":{\"@id\":\"https:\\\/\\\/floridareprofreedom.org\\\/#website\"},\"primaryImageOfPage\":{\"@id\":\"https:\\\/\\\/floridareprofreedom.org\\\/legislativesession\\\/#primaryimage\"},\"image\":{\"@id\":\"https:\\\/\\\/floridareprofreedom.org\\\/legislativesession\\\/#primaryimage\"},\"thumbnailUrl\":\"https:\\\/\\\/floridareprofreedom.org\\\/wp-content\\\/uploads\\\/2025\\\/04\\\/Beige-and-Blue-Minimalist-Business-Meeting-Presentation-1024x576.jpg\",\"datePublished\":\"2023-08-02T23:57:40+00:00\",\"dateModified\":\"2025-04-24T01:11:34+00:00\",\"description\":\"This Legislative Session, we\u2019re sending a clear message: politicians are never more qualified to make health care decisions for us than we are. Learn about the bills impacting reproductive health and freedom.\",\"breadcrumb\":{\"@id\":\"https:\\\/\\\/floridareprofreedom.org\\\/legislativesession\\\/#breadcrumb\"},\"inLanguage\":\"es\",\"potentialAction\":[{\"@type\":\"ReadAction\",\"target\":[\"https:\\\/\\\/floridareprofreedom.org\\\/legislativesession\\\/\"]}]},{\"@type\":\"ImageObject\",\"inLanguage\":\"es\",\"@id\":\"https:\\\/\\\/floridareprofreedom.org\\\/legislativesession\\\/#primaryimage\",\"url\":\"https:\\\/\\\/floridareprofreedom.org\\\/wp-content\\\/uploads\\\/2025\\\/04\\\/Beige-and-Blue-Minimalist-Business-Meeting-Presentation-1024x576.jpg\",\"contentUrl\":\"https:\\\/\\\/floridareprofreedom.org\\\/wp-content\\\/uploads\\\/2025\\\/04\\\/Beige-and-Blue-Minimalist-Business-Meeting-Presentation-1024x576.jpg\"},{\"@type\":\"BreadcrumbList\",\"@id\":\"https:\\\/\\\/floridareprofreedom.org\\\/legislativesession\\\/#breadcrumb\",\"itemListElement\":[{\"@type\":\"ListItem\",\"position\":1,\"name\":\"Home\",\"item\":\"https:\\\/\\\/floridareprofreedom.org\\\/\"},{\"@type\":\"ListItem\",\"position\":2,\"name\":\"Florida&#8217;s 2025 Legislative Session\"}]},{\"@type\":\"WebSite\",\"@id\":\"https:\\\/\\\/floridareprofreedom.org\\\/#website\",\"url\":\"https:\\\/\\\/floridareprofreedom.org\\\/\",\"name\":\"Floridians For Reproductive Freedom\",\"description\":\"Advocating for convenient, affordable, and safe access to reproductive health care, including abortion.\",\"publisher\":{\"@id\":\"https:\\\/\\\/floridareprofreedom.org\\\/#organization\"},\"potentialAction\":[{\"@type\":\"SearchAction\",\"target\":{\"@type\":\"EntryPoint\",\"urlTemplate\":\"https:\\\/\\\/floridareprofreedom.org\\\/?s={search_term_string}\"},\"query-input\":{\"@type\":\"PropertyValueSpecification\",\"valueRequired\":true,\"valueName\":\"search_term_string\"}}],\"inLanguage\":\"es\"},{\"@type\":\"Organization\",\"@id\":\"https:\\\/\\\/floridareprofreedom.org\\\/#organization\",\"name\":\"Floridians for Reproductive Freedom\",\"url\":\"https:\\\/\\\/floridareprofreedom.org\\\/\",\"logo\":{\"@type\":\"ImageObject\",\"inLanguage\":\"es\",\"@id\":\"https:\\\/\\\/floridareprofreedom.org\\\/#\\\/schema\\\/logo\\\/image\\\/\",\"url\":\"https:\\\/\\\/floridareprofreedom.org\\\/wp-content\\\/uploads\\\/2019\\\/05\\\/Untitled.jpg\",\"contentUrl\":\"https:\\\/\\\/floridareprofreedom.org\\\/wp-content\\\/uploads\\\/2019\\\/05\\\/Untitled.jpg\",\"width\":174,\"height\":180,\"caption\":\"Floridians for Reproductive Freedom\"},\"image\":{\"@id\":\"https:\\\/\\\/floridareprofreedom.org\\\/#\\\/schema\\\/logo\\\/image\\\/\"},\"sameAs\":[\"https:\\\/\\\/www.facebook.com\\\/FloridaReproFreedom\\\/\",\"https:\\\/\\\/x.com\\\/FLReproFreedom\",\"https:\\\/\\\/www.instagram.com\\\/floridareprofreedom\\\/\"]}]}<\/script>\n<!-- \/ Yoast SEO plugin. -->","yoast_head_json":{"title":"Sesi\u00f3n legislativa de Florida de 2025 - Floridanos por la libertad reproductiva","description":"En esta Sesi\u00f3n Legislativa, enviamos un mensaje claro: los pol\u00edticos nunca han estado m\u00e1s capacitados que nosotros para tomar decisiones sobre atenci\u00f3n m\u00e9dica. Inf\u00f3rmese sobre los proyectos de ley que impactan la salud y la libertad reproductiva.","robots":{"index":"index","follow":"follow","max-snippet":"max-snippet:-1","max-image-preview":"max-image-preview:large","max-video-preview":"max-video-preview:-1"},"canonical":"https:\/\/floridareprofreedom.org\/es\/sesion-legislativa\/","og_locale":"es_ES","og_type":"article","og_title":"Florida's 2025 Legislative Session - Floridians For Reproductive Freedom","og_description":"This Legislative Session, we\u2019re sending a clear message: politicians are never more qualified to make health care decisions for us than we are. Learn about the bills impacting reproductive health and freedom.","og_url":"https:\/\/floridareprofreedom.org\/es\/sesion-legislativa\/","og_site_name":"Floridians For Reproductive Freedom","article_publisher":"https:\/\/www.facebook.com\/FloridaReproFreedom\/","article_modified_time":"2025-04-24T01:11:34+00:00","og_image":[{"width":1920,"height":1080,"url":"https:\/\/floridareprofreedom.org\/wp-content\/uploads\/2025\/04\/Beige-and-Blue-Minimalist-Business-Meeting-Presentation.jpg","type":"image\/jpeg"}],"twitter_card":"summary_large_image","twitter_site":"@FLReproFreedom","twitter_misc":{"Est. reading time":"3 minutos"},"schema":{"@context":"https:\/\/schema.org","@graph":[{"@type":"WebPage","@id":"https:\/\/floridareprofreedom.org\/legislativesession\/","url":"https:\/\/floridareprofreedom.org\/legislativesession\/","name":"Sesi\u00f3n legislativa de Florida de 2025 - Floridanos por la libertad reproductiva","isPartOf":{"@id":"https:\/\/floridareprofreedom.org\/#website"},"primaryImageOfPage":{"@id":"https:\/\/floridareprofreedom.org\/legislativesession\/#primaryimage"},"image":{"@id":"https:\/\/floridareprofreedom.org\/legislativesession\/#primaryimage"},"thumbnailUrl":"https:\/\/floridareprofreedom.org\/wp-content\/uploads\/2025\/04\/Beige-and-Blue-Minimalist-Business-Meeting-Presentation-1024x576.jpg","datePublished":"2023-08-02T23:57:40+00:00","dateModified":"2025-04-24T01:11:34+00:00","description":"En esta Sesi\u00f3n Legislativa, enviamos un mensaje claro: los pol\u00edticos nunca han estado m\u00e1s capacitados que nosotros para tomar decisiones sobre atenci\u00f3n m\u00e9dica. Inf\u00f3rmese sobre los proyectos de ley que impactan la salud y la libertad reproductiva.","breadcrumb":{"@id":"https:\/\/floridareprofreedom.org\/legislativesession\/#breadcrumb"},"inLanguage":"es","potentialAction":[{"@type":"ReadAction","target":["https:\/\/floridareprofreedom.org\/legislativesession\/"]}]},{"@type":"ImageObject","inLanguage":"es","@id":"https:\/\/floridareprofreedom.org\/legislativesession\/#primaryimage","url":"https:\/\/floridareprofreedom.org\/wp-content\/uploads\/2025\/04\/Beige-and-Blue-Minimalist-Business-Meeting-Presentation-1024x576.jpg","contentUrl":"https:\/\/floridareprofreedom.org\/wp-content\/uploads\/2025\/04\/Beige-and-Blue-Minimalist-Business-Meeting-Presentation-1024x576.jpg"},{"@type":"BreadcrumbList","@id":"https:\/\/floridareprofreedom.org\/legislativesession\/#breadcrumb","itemListElement":[{"@type":"ListItem","position":1,"name":"Home","item":"https:\/\/floridareprofreedom.org\/"},{"@type":"ListItem","position":2,"name":"Florida&#8217;s 2025 Legislative Session"}]},{"@type":"WebSite","@id":"https:\/\/floridareprofreedom.org\/#website","url":"https:\/\/floridareprofreedom.org\/","name":"Floridanos por la Libertad Reproductiva","description":"Abogando por un acceso conveniente, asequible y seguro a la atenci\u00f3n de la salud reproductiva, incluido el aborto.","publisher":{"@id":"https:\/\/floridareprofreedom.org\/#organization"},"potentialAction":[{"@type":"SearchAction","target":{"@type":"EntryPoint","urlTemplate":"https:\/\/floridareprofreedom.org\/?s={search_term_string}"},"query-input":{"@type":"PropertyValueSpecification","valueRequired":true,"valueName":"search_term_string"}}],"inLanguage":"es"},{"@type":"Organization","@id":"https:\/\/floridareprofreedom.org\/#organization","name":"Floridanos por la Libertad Reproductiva","url":"https:\/\/floridareprofreedom.org\/","logo":{"@type":"ImageObject","inLanguage":"es","@id":"https:\/\/floridareprofreedom.org\/#\/schema\/logo\/image\/","url":"https:\/\/floridareprofreedom.org\/wp-content\/uploads\/2019\/05\/Untitled.jpg","contentUrl":"https:\/\/floridareprofreedom.org\/wp-content\/uploads\/2019\/05\/Untitled.jpg","width":174,"height":180,"caption":"Floridians for Reproductive Freedom"},"image":{"@id":"https:\/\/floridareprofreedom.org\/#\/schema\/logo\/image\/"},"sameAs":["https:\/\/www.facebook.com\/FloridaReproFreedom\/","https:\/\/x.com\/FLReproFreedom","https:\/\/www.instagram.com\/floridareprofreedom\/"]}]}},"_links":{"self":[{"href":"https:\/\/floridareprofreedom.org\/es\/wp-json\/wp\/v2\/pages\/2864","targetHints":{"allow":["GET"]}}],"collection":[{"href":"https:\/\/floridareprofreedom.org\/es\/wp-json\/wp\/v2\/pages"}],"about":[{"href":"https:\/\/floridareprofreedom.org\/es\/wp-json\/wp\/v2\/types\/page"}],"author":[{"embeddable":true,"href":"https:\/\/floridareprofreedom.org\/es\/wp-json\/wp\/v2\/users\/7"}],"replies":[{"embeddable":true,"href":"https:\/\/floridareprofreedom.org\/es\/wp-json\/wp\/v2\/comments?post=2864"}],"version-history":[{"count":48,"href":"https:\/\/floridareprofreedom.org\/es\/wp-json\/wp\/v2\/pages\/2864\/revisions"}],"predecessor-version":[{"id":3972,"href":"https:\/\/floridareprofreedom.org\/es\/wp-json\/wp\/v2\/pages\/2864\/revisions\/3972"}],"wp:attachment":[{"href":"https:\/\/floridareprofreedom.org\/es\/wp-json\/wp\/v2\/media?parent=2864"}],"wp:term":[{"taxonomy":"folder","embeddable":true,"href":"https:\/\/floridareprofreedom.org\/es\/wp-json\/wp\/v2\/folder?post=2864"}],"curies":[{"name":"wp","href":"https:\/\/api.w.org\/{rel}","templated":true}]}}