{"id":2864,"date":"2023-08-02T23:57:40","date_gmt":"2023-08-02T23:57:40","guid":{"rendered":"https:\/\/floridareprofreedom.org\/?page_id=2864"},"modified":"2025-04-24T01:11:34","modified_gmt":"2025-04-24T01:11:34","slug":"sesyon-lejislatif","status":"publish","type":"page","link":"https:\/\/floridareprofreedom.org\/ht\/legislativesession\/","title":{"rendered":"Sesyon Lejislatif Florid 2025 la"},"content":{"rendered":"<div data-elementor-type=\"wp-page\" data-elementor-id=\"2864\" class=\"elementor elementor-2864\" data-elementor-post-type=\"page\">\n\t\t\t\t\t\t<section class=\"elementor-section elementor-top-section elementor-element elementor-element-b082732 elementor-section-boxed elementor-section-height-default elementor-section-height-default\" data-id=\"b082732\" data-element_type=\"section\" data-e-type=\"section\">\n\t\t\t\t\t\t<div class=\"elementor-container elementor-column-gap-default\">\n\t\t\t\t\t<div class=\"elementor-column elementor-col-100 elementor-top-column elementor-element elementor-element-0e8396d\" data-id=\"0e8396d\" data-element_type=\"column\" data-e-type=\"column\">\n\t\t\t<div class=\"elementor-widget-wrap elementor-element-populated\">\n\t\t\t\t\t\t<div class=\"elementor-element elementor-element-ec50f3c elementor-widget elementor-widget-text-editor\" data-id=\"ec50f3c\" data-element_type=\"widget\" data-e-type=\"widget\" data-widget_type=\"text-editor.default\">\n\t\t\t\t<div class=\"elementor-widget-container\">\n\t\t\t\t\t\t\t\t\t<p><span style=\"font-weight: 400;\">Nan sesyon lejislatif sa a, n ap voye yon mesaj kl\u00e8: <\/span><b>politisyen yo ye <\/b><b><i>pa janm<\/i><\/b><b> pi kalifye pou pran desizyon sou swen sante pou nou pase nou menm.&nbsp;<\/b><\/p>\n<p><b>Desizyon kons\u00e8nan av\u00f2tman dwe rete nan men pasyan yo.<\/b><span style=\"font-weight: 400;\"> epi moun yo chwazi pou enplike yo, pa politisyen yo. Men, politisyen Florid yo te ent\u00e8di av\u00f2tman anvan menm anpil moun reyalize yo ansent, e se pa sa s\u00e8lman: yo kontinye pwopoze lwa ki ta ka ent\u00e8di tout av\u00f2tman epi mete aks\u00e8 a kontrasepsyon ak tretman f\u00e8tilite komen an danje.<\/span><\/p>\t\t\t\t\t\t\t\t<\/div>\n\t\t\t\t<\/div>\n\t\t\t\t\t<\/div>\n\t\t<\/div>\n\t\t\t\t\t<\/div>\n\t\t<\/section>\n\t\t\t\t<section class=\"elementor-section elementor-top-section elementor-element elementor-element-cd14520 elementor-section-boxed elementor-section-height-default elementor-section-height-default\" data-id=\"cd14520\" data-element_type=\"section\" data-e-type=\"section\">\n\t\t\t\t\t\t<div class=\"elementor-container elementor-column-gap-default\">\n\t\t\t\t\t<div class=\"elementor-column elementor-col-100 elementor-top-column elementor-element elementor-element-894bc71\" data-id=\"894bc71\" data-element_type=\"column\" data-e-type=\"column\">\n\t\t\t<div class=\"elementor-widget-wrap elementor-element-populated\">\n\t\t\t\t\t\t<div class=\"elementor-element elementor-element-75e054c elementor-widget elementor-widget-image\" data-id=\"75e054c\" data-element_type=\"widget\" data-e-type=\"widget\" data-widget_type=\"image.default\">\n\t\t\t\t<div class=\"elementor-widget-container\">\n\t\t\t\t\t\t\t\t\t\t\t\t\t\t\t\t<a href=\"https:\/\/progressflorida.actionkit.com\/signup\/frf-grassroots-signup\/\">\n\t\t\t\t\t\t\t<img fetchpriority=\"high\" decoding=\"async\" width=\"800\" height=\"450\" src=\"https:\/\/floridareprofreedom.org\/wp-content\/uploads\/2025\/04\/Beige-and-Blue-Minimalist-Business-Meeting-Presentation-1024x576.jpg\" class=\"attachment-large size-large wp-image-3888\" alt=\"\" srcset=\"https:\/\/floridareprofreedom.org\/wp-content\/uploads\/2025\/04\/Beige-and-Blue-Minimalist-Business-Meeting-Presentation-1024x576.jpg 1024w, https:\/\/floridareprofreedom.org\/wp-content\/uploads\/2025\/04\/Beige-and-Blue-Minimalist-Business-Meeting-Presentation-300x169.jpg 300w, https:\/\/floridareprofreedom.org\/wp-content\/uploads\/2025\/04\/Beige-and-Blue-Minimalist-Business-Meeting-Presentation-768x432.jpg 768w, https:\/\/floridareprofreedom.org\/wp-content\/uploads\/2025\/04\/Beige-and-Blue-Minimalist-Business-Meeting-Presentation-1536x864.jpg 1536w, https:\/\/floridareprofreedom.org\/wp-content\/uploads\/2025\/04\/Beige-and-Blue-Minimalist-Business-Meeting-Presentation.jpg 1920w\" sizes=\"(max-width: 800px) 100vw, 800px\" \/>\t\t\t\t\t\t\t\t<\/a>\n\t\t\t\t\t\t\t\t\t\t\t\t\t\t\t<\/div>\n\t\t\t\t<\/div>\n\t\t\t\t\t<\/div>\n\t\t<\/div>\n\t\t\t\t\t<\/div>\n\t\t<\/section>\n\t\t\t\t<section class=\"elementor-section elementor-top-section elementor-element elementor-element-1249c24f elementor-section-boxed elementor-section-height-default elementor-section-height-default\" data-id=\"1249c24f\" data-element_type=\"section\" data-e-type=\"section\">\n\t\t\t\t\t\t<div class=\"elementor-container elementor-column-gap-default\">\n\t\t\t\t\t<div class=\"elementor-column elementor-col-100 elementor-top-column elementor-element elementor-element-348f505b\" data-id=\"348f505b\" data-element_type=\"column\" data-e-type=\"column\">\n\t\t\t<div class=\"elementor-widget-wrap elementor-element-populated\">\n\t\t\t\t\t\t<div class=\"elementor-element elementor-element-4c34a27b elementor-widget elementor-widget-text-editor\" data-id=\"4c34a27b\" data-element_type=\"widget\" data-e-type=\"widget\" data-widget_type=\"text-editor.default\">\n\t\t\t\t<div class=\"elementor-widget-container\">\n\t\t\t\t\t\t\t\t\t<p><span style=\"text-decoration: underline;\"><b>Ede nou kenbe liy lan<\/b> <b><i>opoze<\/i><\/b><b> pwoj\u00e8 lwa kont lib\u00e8te sa yo:\u00a0<\/b><\/span><b><\/b><\/p><ul><li aria-level=\"1\"><a href=\"https:\/\/flsenate.gov\/Session\/Bill\/2025\/1288\"><b>SB 1288<\/b><\/a><b>Pwoj\u00e8 lwa a ki anpeche j\u00e8n yo jwenn aks\u00e8 a swen sante<\/b><\/li><\/ul><ul><li style=\"list-style-type: none;\"><ul><li style=\"list-style-type: none;\"><ul><li style=\"font-weight: 400;\" aria-level=\"2\"><span style=\"font-weight: 400;\">Tantativ pou limite lib\u00e8te j\u00e8n yo pou yo gen aks\u00e8 a kontrasepsyon, tretman pou maladi transmisib seksy\u00e8lman (MST), planifikasyon familyal, ak sondaj evalyasyon risk pou sij\u00e8 tankou abi ak pwobl\u00e8m sante mantal.<\/span><\/li><li style=\"font-weight: 400;\" aria-level=\"2\"><a href=\"https:\/\/www.plannedparenthoodaction.org\/uploads\/filer_public\/19\/85\/19851fca-18d4-48f4-8bcb-cd65b2f1e4ae\/sb_1288_hb_1505_stopping_young_people_from_accessing_health_care.pdf\"><span style=\"font-weight: 400;\">Aprann plis isit la.<\/span><\/a><span style=\"font-weight: 400;\">\u00a0<\/span><\/li><li style=\"font-weight: 400;\" aria-level=\"2\"><a href=\"https:\/\/bit.ly\/protectteens\"><span style=\"font-weight: 400;\">Pran aksyon.<\/span><\/a><\/li><\/ul><\/li><\/ul><\/li><\/ul><ul><li aria-level=\"1\"><a href=\"https:\/\/flsenate.gov\/Session\/Bill\/2025\/1284\"><b>SB 1284<\/b><\/a><b>Pwoj\u00e8 lwa a pou plis kriminalize swen sante<\/b><\/li><\/ul><ul><li style=\"list-style-type: none;\"><ul><li style=\"list-style-type: none;\"><ul><li style=\"font-weight: 400;\" aria-level=\"2\"><span style=\"font-weight: 400;\">Nou te w\u00e8 domaj lwa tankou sa a nan l\u00f2t eta, kote yo te itilize yo pou eseye ent\u00e8di av\u00f2tman n\u00e8t, f\u00e8men tretman f\u00e8tilite tankou FIV, anm\u00e8de moun ki siviv abi ak sist\u00e8m sip\u00f2 yo, epi mete pasyan yo an risk pou yo p\u00e8di swen ijans oswa tretman kans\u00e8 s\u00e8lman paske yo ansent.<\/span><\/li><li aria-level=\"2\">Mande plis kons\u00e8y sou mesaj pa im\u00e8l nan adr\u00e8s sa a: Cheyenne@progressflorida.org<\/li><li style=\"font-weight: 400;\" aria-level=\"2\"><a href=\"https:\/\/act.progressflorida.org\/letter\/stop-criminalizing-healthcare\/\"><span style=\"font-weight: 400;\">Pran aksyon.<\/span><\/a><\/li><\/ul><\/li><\/ul><\/li><\/ul><ul><li aria-level=\"1\"><a href=\"https:\/\/www.flhouse.gov\/Sections\/Bills\/billsdetail.aspx?BillId=81954\"><b>HB 1255<\/b><\/a><b>Pwoj\u00e8 lwa a pou ankouraje andoktrinasyon nan lek\u00f2l piblik yo<\/b><\/li><\/ul><ul><li style=\"list-style-type: none;\"><ul><li style=\"list-style-type: none;\"><ul><li style=\"font-weight: 400;\" aria-level=\"2\"><span style=\"font-weight: 400;\">Pwoj\u00e8 lwa sa a egzije pou el\u00e8v yo gade yon videyo ki twonpe moun epi ki pa egzat medikalman sou devlopman fetis la, menm jan ak pwoj\u00e8 lwa &quot;Baby Olivia&quot; gwoup ekstremis anti-av\u00f2tman Live Action an ap pouse atrav\u00e8 peyi a. Li ent\u00e8di tou pou yo itilize lajan leta pou ankouraje &quot;aktivis sosyal&quot; nan lek\u00f2l yo.<\/span><\/li><li style=\"font-weight: 400;\" aria-level=\"2\"><a href=\"https:\/\/www.plannedparenthoodaction.org\/uploads\/filer_public\/7e\/91\/7e91da2c-77d0-43ab-9e6e-374f7b8faf77\/hb_1255_indoctrination_in_public_schools.png\"><span style=\"font-weight: 400;\">Aprann plis isit la.<\/span><\/a><span style=\"font-weight: 400;\">\u00a0<\/span><\/li><li style=\"font-weight: 400;\" aria-level=\"2\"><a href=\"https:\/\/www.weareplannedparenthoodaction.org\/a\/session-repro\"><span style=\"font-weight: 400;\">Pran aksyon.<\/span><\/a><\/li><\/ul><\/li><\/ul><\/li><\/ul><ul><li aria-level=\"1\"><a href=\"https:\/\/www.flhouse.gov\/Sections\/Bills\/billsdetail.aspx?BillId=81899&amp;SessionId=105\"><b>HB 1205<\/b><\/a><b>Atak sou Amannman Sitwayen yo\u00a0<\/b><\/li><\/ul><ul><li style=\"list-style-type: none;\"><ul><li style=\"list-style-type: none;\"><ul><li style=\"font-weight: 400;\" aria-level=\"2\"><span style=\"font-weight: 400;\">Amannman sitwayen Florid yo te dirije yo se yon pati esansy\u00e8l nan demokrasi dir\u00e8k ki bay elekt\u00e8 yo pouvwa pou adopte r\u00e8gleman ki santre sou moun pou amelyore lavi nou epi ranf\u00f2se kominote nou yo. Nou ta dwe f\u00e8 tout sa nou kapab pou ranf\u00f2se pwosesis sa a, pa pou rann li pi difisil, epoutan lejislasyon sa a ap eseye f\u00e8 li pr\u00e8ske enposib pou sitwayen yo pote amannman nan bilten v\u00f2t la.<\/span><\/li><li>Mande plis kons\u00e8y sou mesaj pa im\u00e8l nan adr\u00e8s sa a: Cheyenne@progressflorida.org<\/li><li style=\"font-weight: 400;\" aria-level=\"2\"><a href=\"https:\/\/act.progressflorida.org\/letter\/protect-direct-democracy\/\"><span style=\"font-weight: 400;\">Pran aksyon.<\/span><\/a><\/li><\/ul><\/li><\/ul><\/li><\/ul><ul><li aria-level=\"1\"><a href=\"https:\/\/flsenate.gov\/Session\/Bill\/2025\/420\"><b>SB 420<\/b><\/a><b>Kont div\u00e8site nan gouv\u00e8nman lokal yo<\/b><\/li><\/ul><ul><li style=\"list-style-type: none;\"><ul><li style=\"list-style-type: none;\"><ul><li style=\"font-weight: 400;\" aria-level=\"2\"><span style=\"font-weight: 400;\">Sa a se yon egzajere aksyon leta a, li anpeche gouv\u00e8nman lokal yo reprezante epi lejifere val\u00e8 yo. Sa ka ent\u00e8di rezolisyon Mwa Fy\u00e8te a oswa Mwa Istwa Nwa a, oubyen gen yon komisyon lokal sou pwobl\u00e8m fanm yo.<\/span><\/li><li style=\"font-weight: 400;\" aria-level=\"2\"><a href=\"https:\/\/act.eqfl.org\/a\/2025-anti-diversity-in-local-gov-2\"><span style=\"font-weight: 400;\">Pran aksyon.<\/span><\/a><\/li><\/ul><\/li><\/ul><\/li><li><a href=\"https:\/\/flsenate.gov\/Session\/Bill\/2025\/440\"><b>SB 440<\/b><\/a>: <b>Lwa sou Pa Di Moun Ki Gay oubyen Trans nan Travay<\/b><ul><li style=\"list-style-type: none;\"><ul><li><span style=\"font-weight: 400;\">Pwoj\u00e8 lwa sa a pwopoze r\u00e8gleman leta sou pwonon nan espas travay piblik ak s\u00e8ten espas travay prive. Li ta pwoteje anplwaye yo kont responsablite pou move itilizasyon entansyon\u00e8l kont transj\u00e8n, epi li ta ent\u00e8di kandida pou travay menm idantifye k\u00f2m transj\u00e8n oswa ki pa bin\u00e8 sou yon aplikasyon pou travay. Pwoj\u00e8 lwa a eseye ent\u00e8di tou egzijans f\u00f2masyon konpetans kiltir\u00e8l ki gen rap\u00f2 ak LGBTQ pou anplwaye gouv\u00e8nman yo ak s\u00e8ten konpayi prive.<\/span><\/li><li><a style=\"font-family: var( --e-global-typography-text-font-family ), Sans-serif; font-weight: var( --e-global-typography-text-font-weight );\" href=\"https:\/\/act.eqfl.org\/a\/2025-dont-say-gay-trans-at-work\">Pran aksyon.<\/a><\/li><\/ul><\/li><\/ul><\/li><\/ul>\t\t\t\t\t\t\t\t<\/div>\n\t\t\t\t<\/div>\n\t\t\t\t\t<\/div>\n\t\t<\/div>\n\t\t\t\t\t<\/div>\n\t\t<\/section>\n\t\t\t\t<\/div>","protected":false},"excerpt":{"rendered":"<p>This Legislative Session, we\u2019re sending a clear message: politicians are never more qualified to make health care decisions for us than we are.&nbsp; Decisions about abortion must remain in the hands of patients and those they choose to involve, not politicians. But Florida politicians have banned abortion before many people even realize they are pregnant, [&hellip;]<\/p>\n","protected":false},"author":7,"featured_media":0,"parent":0,"menu_order":0,"comment_status":"closed","ping_status":"closed","template":"","meta":{"footnotes":""},"folder":[],"class_list":["post-2864","page","type-page","status-publish","hentry"],"yoast_head":"<!-- This site is optimized with the Yoast SEO plugin v27.5 - https:\/\/yoast.com\/product\/yoast-seo-wordpress\/ -->\n<title>Florida&#039;s 2025 Legislative Session - Floridians For Reproductive Freedom<\/title>\n<meta name=\"description\" content=\"This Legislative Session, we\u2019re sending a clear message: politicians are never more qualified to make health care decisions for us than we are. Learn about the bills impacting reproductive health and freedom.\" \/>\n<meta name=\"robots\" content=\"index, follow, max-snippet:-1, max-image-preview:large, max-video-preview:-1\" \/>\n<link rel=\"canonical\" href=\"https:\/\/floridareprofreedom.org\/ht\/sesyon-lejislatif\/\" \/>\n<meta property=\"og:locale\" content=\"ht_HT\" \/>\n<meta property=\"og:type\" content=\"article\" \/>\n<meta property=\"og:title\" content=\"Florida&#039;s 2025 Legislative Session - Floridians For Reproductive Freedom\" \/>\n<meta property=\"og:description\" content=\"This Legislative Session, we\u2019re sending a clear message: politicians are never more qualified to make health care decisions for us than we are. Learn about the bills impacting reproductive health and freedom.\" \/>\n<meta property=\"og:url\" content=\"https:\/\/floridareprofreedom.org\/ht\/sesyon-lejislatif\/\" \/>\n<meta property=\"og:site_name\" content=\"Floridians For Reproductive Freedom\" \/>\n<meta property=\"article:publisher\" content=\"https:\/\/www.facebook.com\/FloridaReproFreedom\/\" \/>\n<meta property=\"article:modified_time\" content=\"2025-04-24T01:11:34+00:00\" \/>\n<meta property=\"og:image\" content=\"https:\/\/floridareprofreedom.org\/wp-content\/uploads\/2025\/04\/Beige-and-Blue-Minimalist-Business-Meeting-Presentation.jpg\" \/>\n\t<meta property=\"og:image:width\" content=\"1920\" \/>\n\t<meta property=\"og:image:height\" content=\"1080\" \/>\n\t<meta property=\"og:image:type\" content=\"image\/jpeg\" \/>\n<meta name=\"twitter:card\" content=\"summary_large_image\" \/>\n<meta name=\"twitter:site\" content=\"@FLReproFreedom\" \/>\n<meta name=\"twitter:label1\" content=\"Est. reading time\" \/>\n\t<meta name=\"twitter:data1\" content=\"3 minutes\" \/>\n<script type=\"application\/ld+json\" class=\"yoast-schema-graph\">{\"@context\":\"https:\\\/\\\/schema.org\",\"@graph\":[{\"@type\":\"WebPage\",\"@id\":\"https:\\\/\\\/floridareprofreedom.org\\\/legislativesession\\\/\",\"url\":\"https:\\\/\\\/floridareprofreedom.org\\\/legislativesession\\\/\",\"name\":\"Florida's 2025 Legislative Session - Floridians For Reproductive Freedom\",\"isPartOf\":{\"@id\":\"https:\\\/\\\/floridareprofreedom.org\\\/#website\"},\"primaryImageOfPage\":{\"@id\":\"https:\\\/\\\/floridareprofreedom.org\\\/legislativesession\\\/#primaryimage\"},\"image\":{\"@id\":\"https:\\\/\\\/floridareprofreedom.org\\\/legislativesession\\\/#primaryimage\"},\"thumbnailUrl\":\"https:\\\/\\\/floridareprofreedom.org\\\/wp-content\\\/uploads\\\/2025\\\/04\\\/Beige-and-Blue-Minimalist-Business-Meeting-Presentation-1024x576.jpg\",\"datePublished\":\"2023-08-02T23:57:40+00:00\",\"dateModified\":\"2025-04-24T01:11:34+00:00\",\"description\":\"This Legislative Session, we\u2019re sending a clear message: politicians are never more qualified to make health care decisions for us than we are. Learn about the bills impacting reproductive health and freedom.\",\"breadcrumb\":{\"@id\":\"https:\\\/\\\/floridareprofreedom.org\\\/legislativesession\\\/#breadcrumb\"},\"inLanguage\":\"ht\",\"potentialAction\":[{\"@type\":\"ReadAction\",\"target\":[\"https:\\\/\\\/floridareprofreedom.org\\\/legislativesession\\\/\"]}]},{\"@type\":\"ImageObject\",\"inLanguage\":\"ht\",\"@id\":\"https:\\\/\\\/floridareprofreedom.org\\\/legislativesession\\\/#primaryimage\",\"url\":\"https:\\\/\\\/floridareprofreedom.org\\\/wp-content\\\/uploads\\\/2025\\\/04\\\/Beige-and-Blue-Minimalist-Business-Meeting-Presentation-1024x576.jpg\",\"contentUrl\":\"https:\\\/\\\/floridareprofreedom.org\\\/wp-content\\\/uploads\\\/2025\\\/04\\\/Beige-and-Blue-Minimalist-Business-Meeting-Presentation-1024x576.jpg\"},{\"@type\":\"BreadcrumbList\",\"@id\":\"https:\\\/\\\/floridareprofreedom.org\\\/legislativesession\\\/#breadcrumb\",\"itemListElement\":[{\"@type\":\"ListItem\",\"position\":1,\"name\":\"Home\",\"item\":\"https:\\\/\\\/floridareprofreedom.org\\\/\"},{\"@type\":\"ListItem\",\"position\":2,\"name\":\"Florida&#8217;s 2025 Legislative Session\"}]},{\"@type\":\"WebSite\",\"@id\":\"https:\\\/\\\/floridareprofreedom.org\\\/#website\",\"url\":\"https:\\\/\\\/floridareprofreedom.org\\\/\",\"name\":\"Floridians For Reproductive Freedom\",\"description\":\"Advocating for convenient, affordable, and safe access to reproductive health care, including abortion.\",\"publisher\":{\"@id\":\"https:\\\/\\\/floridareprofreedom.org\\\/#organization\"},\"potentialAction\":[{\"@type\":\"SearchAction\",\"target\":{\"@type\":\"EntryPoint\",\"urlTemplate\":\"https:\\\/\\\/floridareprofreedom.org\\\/?s={search_term_string}\"},\"query-input\":{\"@type\":\"PropertyValueSpecification\",\"valueRequired\":true,\"valueName\":\"search_term_string\"}}],\"inLanguage\":\"ht\"},{\"@type\":\"Organization\",\"@id\":\"https:\\\/\\\/floridareprofreedom.org\\\/#organization\",\"name\":\"Floridians for Reproductive Freedom\",\"url\":\"https:\\\/\\\/floridareprofreedom.org\\\/\",\"logo\":{\"@type\":\"ImageObject\",\"inLanguage\":\"ht\",\"@id\":\"https:\\\/\\\/floridareprofreedom.org\\\/#\\\/schema\\\/logo\\\/image\\\/\",\"url\":\"https:\\\/\\\/floridareprofreedom.org\\\/wp-content\\\/uploads\\\/2019\\\/05\\\/Untitled.jpg\",\"contentUrl\":\"https:\\\/\\\/floridareprofreedom.org\\\/wp-content\\\/uploads\\\/2019\\\/05\\\/Untitled.jpg\",\"width\":174,\"height\":180,\"caption\":\"Floridians for Reproductive Freedom\"},\"image\":{\"@id\":\"https:\\\/\\\/floridareprofreedom.org\\\/#\\\/schema\\\/logo\\\/image\\\/\"},\"sameAs\":[\"https:\\\/\\\/www.facebook.com\\\/FloridaReproFreedom\\\/\",\"https:\\\/\\\/x.com\\\/FLReproFreedom\",\"https:\\\/\\\/www.instagram.com\\\/floridareprofreedom\\\/\"]}]}<\/script>\n<!-- \/ Yoast SEO plugin. -->","yoast_head_json":{"title":"Sesyon Lejislatif Florid 2025 la - Floridyen Pou Lib\u00e8te Repwodiktif","description":"Nan sesyon lejislatif sa a, n ap voye yon mesaj kl\u00e8: politisyen yo pa janm pi kalifye pase nou pou pran desizyon sou swen sante. Aprann plis sou pwoj\u00e8 lwa ki gen enpak sou sante ak lib\u00e8te repwodiktif.","robots":{"index":"index","follow":"follow","max-snippet":"max-snippet:-1","max-image-preview":"max-image-preview:large","max-video-preview":"max-video-preview:-1"},"canonical":"https:\/\/floridareprofreedom.org\/ht\/sesyon-lejislatif\/","og_locale":"ht_HT","og_type":"article","og_title":"Florida's 2025 Legislative Session - Floridians For Reproductive Freedom","og_description":"This Legislative Session, we\u2019re sending a clear message: politicians are never more qualified to make health care decisions for us than we are. Learn about the bills impacting reproductive health and freedom.","og_url":"https:\/\/floridareprofreedom.org\/ht\/sesyon-lejislatif\/","og_site_name":"Floridians For Reproductive Freedom","article_publisher":"https:\/\/www.facebook.com\/FloridaReproFreedom\/","article_modified_time":"2025-04-24T01:11:34+00:00","og_image":[{"width":1920,"height":1080,"url":"https:\/\/floridareprofreedom.org\/wp-content\/uploads\/2025\/04\/Beige-and-Blue-Minimalist-Business-Meeting-Presentation.jpg","type":"image\/jpeg"}],"twitter_card":"summary_large_image","twitter_site":"@FLReproFreedom","twitter_misc":{"Est. reading time":"3 minutes"},"schema":{"@context":"https:\/\/schema.org","@graph":[{"@type":"WebPage","@id":"https:\/\/floridareprofreedom.org\/legislativesession\/","url":"https:\/\/floridareprofreedom.org\/legislativesession\/","name":"Sesyon Lejislatif Florid 2025 la - Floridyen Pou Lib\u00e8te Repwodiktif","isPartOf":{"@id":"https:\/\/floridareprofreedom.org\/#website"},"primaryImageOfPage":{"@id":"https:\/\/floridareprofreedom.org\/legislativesession\/#primaryimage"},"image":{"@id":"https:\/\/floridareprofreedom.org\/legislativesession\/#primaryimage"},"thumbnailUrl":"https:\/\/floridareprofreedom.org\/wp-content\/uploads\/2025\/04\/Beige-and-Blue-Minimalist-Business-Meeting-Presentation-1024x576.jpg","datePublished":"2023-08-02T23:57:40+00:00","dateModified":"2025-04-24T01:11:34+00:00","description":"Nan sesyon lejislatif sa a, n ap voye yon mesaj kl\u00e8: politisyen yo pa janm pi kalifye pase nou pou pran desizyon sou swen sante. Aprann plis sou pwoj\u00e8 lwa ki gen enpak sou sante ak lib\u00e8te repwodiktif.","breadcrumb":{"@id":"https:\/\/floridareprofreedom.org\/legislativesession\/#breadcrumb"},"inLanguage":"ht","potentialAction":[{"@type":"ReadAction","target":["https:\/\/floridareprofreedom.org\/legislativesession\/"]}]},{"@type":"ImageObject","inLanguage":"ht","@id":"https:\/\/floridareprofreedom.org\/legislativesession\/#primaryimage","url":"https:\/\/floridareprofreedom.org\/wp-content\/uploads\/2025\/04\/Beige-and-Blue-Minimalist-Business-Meeting-Presentation-1024x576.jpg","contentUrl":"https:\/\/floridareprofreedom.org\/wp-content\/uploads\/2025\/04\/Beige-and-Blue-Minimalist-Business-Meeting-Presentation-1024x576.jpg"},{"@type":"BreadcrumbList","@id":"https:\/\/floridareprofreedom.org\/legislativesession\/#breadcrumb","itemListElement":[{"@type":"ListItem","position":1,"name":"Home","item":"https:\/\/floridareprofreedom.org\/"},{"@type":"ListItem","position":2,"name":"Florida&#8217;s 2025 Legislative Session"}]},{"@type":"WebSite","@id":"https:\/\/floridareprofreedom.org\/#website","url":"https:\/\/floridareprofreedom.org\/","name":"Floridyen pou lib\u00e8te repwodiktif","description":"Ap defann aks\u00e8 pratik, ab\u00f2dab, epi an sekirite a swen sante repwodiktif, tankou av\u00f2tman.","publisher":{"@id":"https:\/\/floridareprofreedom.org\/#organization"},"potentialAction":[{"@type":"SearchAction","target":{"@type":"EntryPoint","urlTemplate":"https:\/\/floridareprofreedom.org\/?s={search_term_string}"},"query-input":{"@type":"PropertyValueSpecification","valueRequired":true,"valueName":"search_term_string"}}],"inLanguage":"ht"},{"@type":"Organization","@id":"https:\/\/floridareprofreedom.org\/#organization","name":"Floridyen pou Lib\u00e8te Repwodiktif","url":"https:\/\/floridareprofreedom.org\/","logo":{"@type":"ImageObject","inLanguage":"ht","@id":"https:\/\/floridareprofreedom.org\/#\/schema\/logo\/image\/","url":"https:\/\/floridareprofreedom.org\/wp-content\/uploads\/2019\/05\/Untitled.jpg","contentUrl":"https:\/\/floridareprofreedom.org\/wp-content\/uploads\/2019\/05\/Untitled.jpg","width":174,"height":180,"caption":"Floridians for Reproductive Freedom"},"image":{"@id":"https:\/\/floridareprofreedom.org\/#\/schema\/logo\/image\/"},"sameAs":["https:\/\/www.facebook.com\/FloridaReproFreedom\/","https:\/\/x.com\/FLReproFreedom","https:\/\/www.instagram.com\/floridareprofreedom\/"]}]}},"_links":{"self":[{"href":"https:\/\/floridareprofreedom.org\/ht\/wp-json\/wp\/v2\/pages\/2864","targetHints":{"allow":["GET"]}}],"collection":[{"href":"https:\/\/floridareprofreedom.org\/ht\/wp-json\/wp\/v2\/pages"}],"about":[{"href":"https:\/\/floridareprofreedom.org\/ht\/wp-json\/wp\/v2\/types\/page"}],"author":[{"embeddable":true,"href":"https:\/\/floridareprofreedom.org\/ht\/wp-json\/wp\/v2\/users\/7"}],"replies":[{"embeddable":true,"href":"https:\/\/floridareprofreedom.org\/ht\/wp-json\/wp\/v2\/comments?post=2864"}],"version-history":[{"count":48,"href":"https:\/\/floridareprofreedom.org\/ht\/wp-json\/wp\/v2\/pages\/2864\/revisions"}],"predecessor-version":[{"id":3972,"href":"https:\/\/floridareprofreedom.org\/ht\/wp-json\/wp\/v2\/pages\/2864\/revisions\/3972"}],"wp:attachment":[{"href":"https:\/\/floridareprofreedom.org\/ht\/wp-json\/wp\/v2\/media?parent=2864"}],"wp:term":[{"taxonomy":"folder","embeddable":true,"href":"https:\/\/floridareprofreedom.org\/ht\/wp-json\/wp\/v2\/folder?post=2864"}],"curies":[{"name":"wp","href":"https:\/\/api.w.org\/{rel}","templated":true}]}}